{"id":574,"date":"2017-06-15T14:55:42","date_gmt":"2017-06-15T12:55:42","guid":{"rendered":"https:\/\/www.emi-conseil.ch\/?page_id=574\/"},"modified":"2024-11-19T08:29:17","modified_gmt":"2024-11-19T07:29:17","slug":"emi-light-gluhbirnen-buro-geschaft-laden-firma-schweiz","status":"publish","type":"page","link":"https:\/\/www.emi-conseil.ch\/de\/emi-light-gluhbirnen-buro-geschaft-laden-firma-schweiz\/","title":{"rendered":"Emi Light"},"content":{"rendered":"<div class=\"wpb-content-wrapper\"><p>[vc_row][vc_column][vc_column_text]\n\t\t\t<!-- START Emi Light REVOLUTION SLIDER 6.7.23 --><p class=\"rs-p-wp-fix\"><\/p>\n\t\t\t<rs-module-wrap id=\"rev_slider_4_1_wrapper\" data-source=\"gallery\" style=\"visibility:hidden;background:transparent;padding:0;margin:0px auto;margin-top:0;margin-bottom:0;\">\n\t\t\t\t<rs-module id=\"rev_slider_4_1\" style=\"\" data-version=\"6.7.23\">\n\t\t\t\t\t<rs-slides style=\"overflow: hidden; position: absolute;\">\n\t\t\t\t\t\t<rs-slide style=\"position: absolute;\" data-key=\"rs-12\" data-title=\"Slide\" data-anim=\"adpr:false;\" data-in=\"o:0;\" data-out=\"a:false;\">\n\t\t\t\t\t\t\t<img decoding=\"async\" src=\"\/\/www.emi-conseil.ch\/wp-content\/plugins\/revslider\/sr6\/assets\/assets\/dummy.png\" alt=\"\" title=\"swarovski-new\" width=\"1536\" height=\"976\" class=\"rev-slidebg tp-rs-img rs-lazyload\" data-lazyload=\"\/\/www.emi-conseil.ch\/wp-content\/uploads\/2024\/11\/swarovski-new.png\" data-bg=\"p:center top;\" data-no-retina>\n<!--\n\t\t\t\t\t\t\t--><rs-layer\n\t\t\t\t\t\t\t\tid=\"slider-4-slide-12-layer-1\" \n\t\t\t\t\t\t\t\tdata-type=\"text\"\n\t\t\t\t\t\t\t\tdata-rsp_ch=\"on\"\n\t\t\t\t\t\t\t\tdata-xy=\"xo:30px;y:m;yo:0,50px,50px,50px;\"\n\t\t\t\t\t\t\t\tdata-text=\"s:70,70,70,30;l:22;a:inherit;\"\n\t\t\t\t\t\t\t\tdata-frame_999=\"o:0;st:w;sR:8700;\"\n\t\t\t\t\t\t\t\tstyle=\"z-index:5;font-family:'Montserrat';\"\n\t\t\t\t\t\t\t>Emi Light  \n\t\t\t\t\t\t\t<\/rs-layer><!--\n\n\t\t\t\t\t\t\t--><rs-layer\n\t\t\t\t\t\t\t\tid=\"slider-4-slide-12-layer-4\" \n\t\t\t\t\t\t\t\tclass=\"tp-shape tp-shapewrapper\"\n\t\t\t\t\t\t\t\tdata-type=\"shape\"\n\t\t\t\t\t\t\t\tdata-rsp_ch=\"on\"\n\t\t\t\t\t\t\t\tdata-xy=\"xo:30px;y:m;yo:-60px,0,-60px,0;\"\n\t\t\t\t\t\t\t\tdata-text=\"a:inherit;\"\n\t\t\t\t\t\t\t\tdata-dim=\"w:175px;h:2px;\"\n\t\t\t\t\t\t\t\tdata-frame_999=\"o:0;st:w;sR:8700;\"\n\t\t\t\t\t\t\t\tstyle=\"z-index:6;background-color:#ff910d;\"\n\t\t\t\t\t\t\t> \n\t\t\t\t\t\t\t<\/rs-layer><!--\n\n\t\t\t\t\t\t\t--><rs-layer\n\t\t\t\t\t\t\t\tid=\"slider-4-slide-12-layer-5\" \n\t\t\t\t\t\t\t\tclass=\"trust-element\"\n\t\t\t\t\t\t\t\tdata-type=\"text\"\n\t\t\t\t\t\t\t\tdata-rsp_ch=\"on\"\n\t\t\t\t\t\t\t\tdata-xy=\"x:c;y:b;yo:160px;\"\n\t\t\t\t\t\t\t\tdata-text=\"s:18;l:22;a:center;\"\n\t\t\t\t\t\t\t\tdata-dim=\"w:100%;\"\n\t\t\t\t\t\t\t\tdata-basealign=\"slide\"\n\t\t\t\t\t\t\t\tdata-frame_999=\"o:0;st:w;sR:8700;\"\n\t\t\t\t\t\t\t\tstyle=\"z-index:7;font-family:'Montserrat';\"\n\t\t\t\t\t\t\t><div class=\"col-md-2 icons-description\">\n\n<\/div>\n<div class=\"col-md-2 icons-description\">\n\t<span class=\"icon-toolbox custom-icons\"><\/span>\n\t<p>20 ans <br>d'exp\u00e9rience<\/p>\n<\/div>\n<div class=\"col-md-2 icons-description\">\n\t<span class=\"icon-pencil custom-icons\"><\/span>\n\t<p>Traitement de 2500<br> demandes par an<\/p>\n<\/div>\n<div class=\"col-md-2 icons-description\">\n\t<span class=\"icon-map custom-icons\"><\/span>\n\t<p>Intervention sur <br>toute la Suisse<\/p>\n<\/div>\n<div class=\"col-md-2 icons-description\">\n\t<span class=\"icon-tools-2 custom-icons\"><\/span>\n\t<p>D\u00e9pannage <br>24\/24h et 7\/7j<\/p>\n<\/div>\n<div class=\"col-md-2 icons-description\">\n\n<\/div> \n\t\t\t\t\t\t\t<\/rs-layer><!--\n-->\t\t\t\t\t<\/rs-slide>\n\t\t\t\t\t<\/rs-slides>\n\t\t\t\t<\/rs-module>\n\t\t\t\t<script>\n\t\t\t\t\tsetREVStartSize({c: 'rev_slider_4_1',rl:[1240,1024,1024,480],el:[500,500,500,320],gw:[1240,1380,1380,480],gh:[500,500,500,320],type:'standard',justify:'',layout:'fullwidth',mh:\"0\"});if (window.RS_MODULES!==undefined && window.RS_MODULES.modules!==undefined && window.RS_MODULES.modules[\"revslider41\"]!==undefined) {window.RS_MODULES.modules[\"revslider41\"].once = false;window.revapi4 = undefined;if (window.RS_MODULES.checkMinimal!==undefined) window.RS_MODULES.checkMinimal()}\n\t\t\t\t<\/script>\n\t\t\t<\/rs-module-wrap>\n\t\t\t<!-- END REVOLUTION SLIDER -->\n[\/vc_column_text][vc_column_text el_class=&#8220;Titre-home&#8220;]<\/p>\n<h1>Emi-Light Gl\u00fchbirnen-B\u00fcro-Gesch\u00e4ft-Laden-Firma-Schweiz<\/h1>\n<p>[\/vc_column_text][\/vc_column][\/vc_row][vc_row parallax=&#8220;content-moving&#8220;][vc_column][vc_column_text]<div class=\"ts-title\">\n\t\t\t<h3 >Emi Light<\/h3>\n\t\t\t<p class=\"lead\" style=\"\">Ihr \u201cleuchtender H\u00e4ndler\u201d zu konkurrenzlosen Preisen<span class=\"bottom-botder\"><\/span><\/p>\n\t\t<\/div>[\/vc_column_text][\/vc_column][\/vc_row][vc_row parallax=&#8220;content-moving&#8220; parallax_image=&#8220;24&#8243; el_class=&#8220;services&#8220; css=&#8220;.vc_custom_1521820308974{padding-bottom: 0px !important;}&#8220;][vc_column][vc_column_text css=&#8220;.vc_custom_1521932106689{margin-bottom: 60px !important;}&#8220; el_class=&#8220;content-small&#8220;]Emi Light liefert und ersetzt Leuchtmittel, Beleuchtungsk\u00f6rper sowie alle notwendigen elektronischen Ger\u00e4te.<\/p>\n<p>Im Katalog Emi Light finden Sie zudem eine grosse Auswahl an Beleuchtungsk\u00f6rpern und Lampen.<\/p>\n<p>Der Service \u201erelamping\u201c wird von vielen unserer Kunden in Anspruch genommen, so dass wir Ihnen besonders attraktive Preise anbieten k\u00f6nnen.[\/vc_column_text][\/vc_column][\/vc_row][vc_row el_class=&#8220;content-small margin-auto&#8220; css=&#8220;.vc_custom_1536783957374{padding-bottom: 0px !important;}&#8220;][vc_column width=&#8220;1\/3&#8243; css=&#8220;.vc_custom_1536922079444{margin-bottom: 0px !important;padding-bottom: 0px !important;}&#8220; offset=&#8220;vc_hidden-md vc_hidden-sm vc_hidden-xs&#8220; el_class=&#8220;my-image&#8220;][vc_single_image image=&#8220;3371&#8243; img_size=&#8220;full&#8220; onclick=&#8220;link_image&#8220;][vc_single_image image=&#8220;3402&#8243; img_size=&#8220;full&#8220; onclick=&#8220;link_image&#8220;][\/vc_column][vc_column width=&#8220;1\/3&#8243; offset=&#8220;vc_hidden-md vc_hidden-sm vc_hidden-xs&#8220; el_class=&#8220;my-image&#8220;][vc_single_image image=&#8220;3523&#8243; img_size=&#8220;full&#8220; onclick=&#8220;link_image&#8220;][vc_single_image image=&#8220;3408&#8243; img_size=&#8220;full&#8220; onclick=&#8220;link_image&#8220;][\/vc_column][vc_column width=&#8220;1\/3&#8243; offset=&#8220;vc_hidden-md vc_hidden-sm vc_hidden-xs&#8220;][vc_single_image image=&#8220;2594&#8243; img_size=&#8220;full&#8220; onclick=&#8220;link_image&#8220;][\/vc_column][\/vc_row][vc_row][vc_column offset=&#8220;vc_hidden-lg&#8220; css=&#8220;.vc_custom_1536784277229{padding-top: 30px !important;}&#8220;][vc_single_image image=&#8220;3371&#8243; img_size=&#8220;full&#8220; onclick=&#8220;link_image&#8220;][vc_single_image image=&#8220;3402&#8243; img_size=&#8220;full&#8220; onclick=&#8220;link_image&#8220;][vc_single_image image=&#8220;3523&#8243; img_size=&#8220;full&#8220; onclick=&#8220;link_image&#8220;][vc_single_image image=&#8220;3408&#8243; img_size=&#8220;full&#8220; onclick=&#8220;link_image&#8220;][vc_single_image image=&#8220;2516&#8243; img_size=&#8220;full&#8220; onclick=&#8220;link_image&#8220;][\/vc_column][\/vc_row]<\/p>\n<\/div>","protected":false},"excerpt":{"rendered":"<p>[vc_row][vc_column][vc_column_text][\/vc_column_text][vc_column_text el_class=&#8220;Titre-home&#8220;] Emi-Light Gl\u00fchbirnen-B\u00fcro-Gesch\u00e4ft-Laden-Firma-Schweiz [\/vc_column_text][\/vc_column][\/vc_row][vc_row parallax=&#8220;content-moving&#8220;][vc_column][vc_column_text][\/vc_column_text][\/vc_column][\/vc_row][vc_row parallax=&#8220;content-moving&#8220; parallax_image=&#8220;24&#8243; el_class=&#8220;services&#8220; css=&#8220;.vc_custom_1521820308974{padding-bottom: 0px !important;}&#8220;][vc_column][vc_column_text css=&#8220;.vc_custom_1521932106689{margin-bottom: 60px !important;}&#8220; el_class=&#8220;content-small&#8220;]Emi Light liefert und ersetzt Leuchtmittel, Beleuchtungsk\u00f6rper sowie alle notwendigen elektronischen Ger\u00e4te. Im Katalog Emi Light finden Sie zudem eine grosse Auswahl an Beleuchtungsk\u00f6rpern und Lampen. Der Service \u201erelamping\u201c wird von vielen unserer Kunden in Anspruch genommen, so dass wir [&hellip;]<\/p>\n","protected":false},"author":2,"featured_media":0,"parent":0,"menu_order":0,"comment_status":"closed","ping_status":"closed","template":"","meta":{"_acf_changed":false,"footnotes":""},"class_list":["post-574","page","type-page","status-publish","hentry"],"acf":[],"yoast_head":"<!-- This site is optimized with the Yoast SEO plugin v24.0 - https:\/\/yoast.com\/wordpress\/plugins\/seo\/ -->\n<title>Emi Light | Gl\u00fchbirnen Laden, Gesch\u00e4ft, B\u00fcro Schweiz<\/title>\n<meta name=\"description\" content=\"Emi Light bietet eine gro\u00dfe Auswahl an Gl\u00fchbirnen f\u00fcr die Innenbeleuchtung von Gesch\u00e4ften, L\u00e4den, L\u00e4den in der Schweiz. Angesichts des Volumens, das w\u00e4hrend des Lampenbetriebs entsteht, ist Emi Light in der Lage, Ihnen sehr wettbewerbsf\u00e4hige Preise zu bieten und allen Wettbewerbern zu trotzen.\" \/>\n<meta name=\"robots\" content=\"index, follow, max-snippet:-1, max-image-preview:large, max-video-preview:-1\" \/>\n<link rel=\"canonical\" href=\"https:\/\/www.emi-conseil.ch\/de\/emi-light-gluhbirnen-buro-geschaft-laden-firma-schweiz\/\" \/>\n<meta property=\"og:locale\" content=\"de_DE\" \/>\n<meta property=\"og:type\" content=\"article\" \/>\n<meta property=\"og:title\" content=\"Emi Light | Gl\u00fchbirnen Laden, Gesch\u00e4ft, B\u00fcro Schweiz\" \/>\n<meta property=\"og:description\" content=\"Emi Light bietet eine gro\u00dfe Auswahl an Gl\u00fchbirnen f\u00fcr die Innenbeleuchtung von Gesch\u00e4ften, L\u00e4den, L\u00e4den in der Schweiz. Angesichts des Volumens, das w\u00e4hrend des Lampenbetriebs entsteht, ist Emi Light in der Lage, Ihnen sehr wettbewerbsf\u00e4hige Preise zu bieten und allen Wettbewerbern zu trotzen.\" \/>\n<meta property=\"og:url\" content=\"https:\/\/www.emi-conseil.ch\/de\/emi-light-gluhbirnen-buro-geschaft-laden-firma-schweiz\/\" \/>\n<meta property=\"og:site_name\" content=\"EmiConseil\" \/>\n<meta property=\"article:modified_time\" content=\"2024-11-19T07:29:17+00:00\" \/>\n<meta name=\"twitter:card\" content=\"summary_large_image\" \/>\n<meta name=\"twitter:label1\" content=\"Gesch\u00e4tzte Lesezeit\" \/>\n\t<meta name=\"twitter:data1\" content=\"1\u00a0Minute\" \/>\n<script type=\"application\/ld+json\" class=\"yoast-schema-graph\">{\"@context\":\"https:\/\/schema.org\",\"@graph\":[{\"@type\":\"WebPage\",\"@id\":\"https:\/\/www.emi-conseil.ch\/de\/emi-light-gluhbirnen-buro-geschaft-laden-firma-schweiz\/\",\"url\":\"https:\/\/www.emi-conseil.ch\/de\/emi-light-gluhbirnen-buro-geschaft-laden-firma-schweiz\/\",\"name\":\"Emi Light | Gl\u00fchbirnen Laden, Gesch\u00e4ft, B\u00fcro Schweiz\",\"isPartOf\":{\"@id\":\"https:\/\/www.emi-conseil.ch\/#website\"},\"datePublished\":\"2017-06-15T12:55:42+00:00\",\"dateModified\":\"2024-11-19T07:29:17+00:00\",\"description\":\"Emi Light bietet eine gro\u00dfe Auswahl an Gl\u00fchbirnen f\u00fcr die Innenbeleuchtung von Gesch\u00e4ften, L\u00e4den, L\u00e4den in der Schweiz. Angesichts des Volumens, das w\u00e4hrend des Lampenbetriebs entsteht, ist Emi Light in der Lage, Ihnen sehr wettbewerbsf\u00e4hige Preise zu bieten und allen Wettbewerbern zu trotzen.\",\"breadcrumb\":{\"@id\":\"https:\/\/www.emi-conseil.ch\/de\/emi-light-gluhbirnen-buro-geschaft-laden-firma-schweiz\/#breadcrumb\"},\"inLanguage\":\"de\",\"potentialAction\":[{\"@type\":\"ReadAction\",\"target\":[\"https:\/\/www.emi-conseil.ch\/de\/emi-light-gluhbirnen-buro-geschaft-laden-firma-schweiz\/\"]}]},{\"@type\":\"BreadcrumbList\",\"@id\":\"https:\/\/www.emi-conseil.ch\/de\/emi-light-gluhbirnen-buro-geschaft-laden-firma-schweiz\/#breadcrumb\",\"itemListElement\":[{\"@type\":\"ListItem\",\"position\":1,\"name\":\"Accueil\",\"item\":\"https:\/\/www.emi-conseil.ch\/de\/\"},{\"@type\":\"ListItem\",\"position\":2,\"name\":\"Emi Light\"}]},{\"@type\":\"WebSite\",\"@id\":\"https:\/\/www.emi-conseil.ch\/#website\",\"url\":\"https:\/\/www.emi-conseil.ch\/\",\"name\":\"EmiConseil\",\"description\":\"\",\"publisher\":{\"@id\":\"https:\/\/www.emi-conseil.ch\/#organization\"},\"potentialAction\":[{\"@type\":\"SearchAction\",\"target\":{\"@type\":\"EntryPoint\",\"urlTemplate\":\"https:\/\/www.emi-conseil.ch\/?s={search_term_string}\"},\"query-input\":{\"@type\":\"PropertyValueSpecification\",\"valueRequired\":true,\"valueName\":\"search_term_string\"}}],\"inLanguage\":\"de\"},{\"@type\":\"Organization\",\"@id\":\"https:\/\/www.emi-conseil.ch\/#organization\",\"name\":\"EMI Conseil\",\"url\":\"https:\/\/www.emi-conseil.ch\/\",\"logo\":{\"@type\":\"ImageObject\",\"inLanguage\":\"de\",\"@id\":\"https:\/\/www.emi-conseil.ch\/#\/schema\/logo\/image\/\",\"url\":\"https:\/\/www.emi-conseil.ch\/wp-content\/uploads\/2017\/06\/emi-conseil.jpg\",\"contentUrl\":\"https:\/\/www.emi-conseil.ch\/wp-content\/uploads\/2017\/06\/emi-conseil.jpg\",\"width\":101,\"height\":94,\"caption\":\"EMI Conseil\"},\"image\":{\"@id\":\"https:\/\/www.emi-conseil.ch\/#\/schema\/logo\/image\/\"}}]}<\/script>\n<!-- \/ Yoast SEO plugin. -->","yoast_head_json":{"title":"Emi Light | Gl\u00fchbirnen Laden, Gesch\u00e4ft, B\u00fcro Schweiz","description":"Emi Light bietet eine gro\u00dfe Auswahl an Gl\u00fchbirnen f\u00fcr die Innenbeleuchtung von Gesch\u00e4ften, L\u00e4den, L\u00e4den in der Schweiz. Angesichts des Volumens, das w\u00e4hrend des Lampenbetriebs entsteht, ist Emi Light in der Lage, Ihnen sehr wettbewerbsf\u00e4hige Preise zu bieten und allen Wettbewerbern zu trotzen.","robots":{"index":"index","follow":"follow","max-snippet":"max-snippet:-1","max-image-preview":"max-image-preview:large","max-video-preview":"max-video-preview:-1"},"canonical":"https:\/\/www.emi-conseil.ch\/de\/emi-light-gluhbirnen-buro-geschaft-laden-firma-schweiz\/","og_locale":"de_DE","og_type":"article","og_title":"Emi Light | Gl\u00fchbirnen Laden, Gesch\u00e4ft, B\u00fcro Schweiz","og_description":"Emi Light bietet eine gro\u00dfe Auswahl an Gl\u00fchbirnen f\u00fcr die Innenbeleuchtung von Gesch\u00e4ften, L\u00e4den, L\u00e4den in der Schweiz. Angesichts des Volumens, das w\u00e4hrend des Lampenbetriebs entsteht, ist Emi Light in der Lage, Ihnen sehr wettbewerbsf\u00e4hige Preise zu bieten und allen Wettbewerbern zu trotzen.","og_url":"https:\/\/www.emi-conseil.ch\/de\/emi-light-gluhbirnen-buro-geschaft-laden-firma-schweiz\/","og_site_name":"EmiConseil","article_modified_time":"2024-11-19T07:29:17+00:00","twitter_card":"summary_large_image","twitter_misc":{"Gesch\u00e4tzte Lesezeit":"1\u00a0Minute"},"schema":{"@context":"https:\/\/schema.org","@graph":[{"@type":"WebPage","@id":"https:\/\/www.emi-conseil.ch\/de\/emi-light-gluhbirnen-buro-geschaft-laden-firma-schweiz\/","url":"https:\/\/www.emi-conseil.ch\/de\/emi-light-gluhbirnen-buro-geschaft-laden-firma-schweiz\/","name":"Emi Light | Gl\u00fchbirnen Laden, Gesch\u00e4ft, B\u00fcro Schweiz","isPartOf":{"@id":"https:\/\/www.emi-conseil.ch\/#website"},"datePublished":"2017-06-15T12:55:42+00:00","dateModified":"2024-11-19T07:29:17+00:00","description":"Emi Light bietet eine gro\u00dfe Auswahl an Gl\u00fchbirnen f\u00fcr die Innenbeleuchtung von Gesch\u00e4ften, L\u00e4den, L\u00e4den in der Schweiz. Angesichts des Volumens, das w\u00e4hrend des Lampenbetriebs entsteht, ist Emi Light in der Lage, Ihnen sehr wettbewerbsf\u00e4hige Preise zu bieten und allen Wettbewerbern zu trotzen.","breadcrumb":{"@id":"https:\/\/www.emi-conseil.ch\/de\/emi-light-gluhbirnen-buro-geschaft-laden-firma-schweiz\/#breadcrumb"},"inLanguage":"de","potentialAction":[{"@type":"ReadAction","target":["https:\/\/www.emi-conseil.ch\/de\/emi-light-gluhbirnen-buro-geschaft-laden-firma-schweiz\/"]}]},{"@type":"BreadcrumbList","@id":"https:\/\/www.emi-conseil.ch\/de\/emi-light-gluhbirnen-buro-geschaft-laden-firma-schweiz\/#breadcrumb","itemListElement":[{"@type":"ListItem","position":1,"name":"Accueil","item":"https:\/\/www.emi-conseil.ch\/de\/"},{"@type":"ListItem","position":2,"name":"Emi Light"}]},{"@type":"WebSite","@id":"https:\/\/www.emi-conseil.ch\/#website","url":"https:\/\/www.emi-conseil.ch\/","name":"EmiConseil","description":"","publisher":{"@id":"https:\/\/www.emi-conseil.ch\/#organization"},"potentialAction":[{"@type":"SearchAction","target":{"@type":"EntryPoint","urlTemplate":"https:\/\/www.emi-conseil.ch\/?s={search_term_string}"},"query-input":{"@type":"PropertyValueSpecification","valueRequired":true,"valueName":"search_term_string"}}],"inLanguage":"de"},{"@type":"Organization","@id":"https:\/\/www.emi-conseil.ch\/#organization","name":"EMI Conseil","url":"https:\/\/www.emi-conseil.ch\/","logo":{"@type":"ImageObject","inLanguage":"de","@id":"https:\/\/www.emi-conseil.ch\/#\/schema\/logo\/image\/","url":"https:\/\/www.emi-conseil.ch\/wp-content\/uploads\/2017\/06\/emi-conseil.jpg","contentUrl":"https:\/\/www.emi-conseil.ch\/wp-content\/uploads\/2017\/06\/emi-conseil.jpg","width":101,"height":94,"caption":"EMI Conseil"},"image":{"@id":"https:\/\/www.emi-conseil.ch\/#\/schema\/logo\/image\/"}}]}},"_links":{"self":[{"href":"https:\/\/www.emi-conseil.ch\/de\/wp-json\/wp\/v2\/pages\/574","targetHints":{"allow":["GET"]}}],"collection":[{"href":"https:\/\/www.emi-conseil.ch\/de\/wp-json\/wp\/v2\/pages"}],"about":[{"href":"https:\/\/www.emi-conseil.ch\/de\/wp-json\/wp\/v2\/types\/page"}],"author":[{"embeddable":true,"href":"https:\/\/www.emi-conseil.ch\/de\/wp-json\/wp\/v2\/users\/2"}],"replies":[{"embeddable":true,"href":"https:\/\/www.emi-conseil.ch\/de\/wp-json\/wp\/v2\/comments?post=574"}],"version-history":[{"count":12,"href":"https:\/\/www.emi-conseil.ch\/de\/wp-json\/wp\/v2\/pages\/574\/revisions"}],"predecessor-version":[{"id":3882,"href":"https:\/\/www.emi-conseil.ch\/de\/wp-json\/wp\/v2\/pages\/574\/revisions\/3882"}],"wp:attachment":[{"href":"https:\/\/www.emi-conseil.ch\/de\/wp-json\/wp\/v2\/media?parent=574"}],"curies":[{"name":"wp","href":"https:\/\/api.w.org\/{rel}","templated":true}]}}